
{"id":21677,"date":"2026-03-10T13:02:26","date_gmt":"2026-03-10T11:02:26","guid":{"rendered":"https:\/\/www.viabelgica.nl\/kalender\/symposium-limburgse-archeologie-dag\/"},"modified":"2026-03-10T13:14:56","modified_gmt":"2026-03-10T11:14:56","slug":"symposium-limburgse-archeologie-dag","status":"publish","type":"kalender","link":"https:\/\/www.viabelgica.nl\/de\/kalender\/symposium-limburgse-archeologie-dag\/","title":{"rendered":"SYMPOSIUM \u2013 Limburgischer Arch\u00e4ologietag"},"content":{"rendered":"","protected":false},"template":"","class_list":["post-21677","kalender","type-kalender","status-publish","hentry"],"acf":{"thumbnail":21671,"subtitel":"Diese Veranstaltung wird vom Limburgs Museum in Venlo organisiert.","datum":"20260411","datum_eind":"20260411","afbeelding":21671,"plaatsnaam":"","gerelateerde_content_cal":null,"aanmeldtekst":"","aanmeldurl":"","adres":null,"straatnaam":"","postcode":"","plaats":"","doen":null,"content":"Am Samstag, den 11. April 2026, findet im Limburgs Museum bereits der sechzehnte Limburgische Arch\u00e4ologietag statt.\r\n\r\nDer Limburgische Arch\u00e4ologietag ist das j\u00e4hrliche Treffen f\u00fcr Arch\u00e4ologen, politische Entscheidungstr\u00e4ger und alle arch\u00e4ologisch Interessierten \u2013 sowohl Fachleute als auch Liebhaber. Die Veranstaltung beginnt am 11. April um 10:45 Uhr (Einlass ab 10:00 Uhr) und dauert bis 17:00 Uhr.\r\n\r\nEs erwartet Sie ein abwechslungsreiches arch\u00e4ologisches Programm mit Vortr\u00e4gen \u00fcber warmes Wasser in r\u00f6mischen B\u00e4dern, besondere Perlen, \u00f6ffentliche Arch\u00e4ologie, vergessene Grabh\u00fcgel und vieles mehr. Auch das beliebte Arch\u00e4ologiequiz, die Verleihung des F\u00f6rderpreises, die Wahl des Limburger Topfundes sowie der Arch\u00e4ologiemarkt stehen wieder auf dem Programm.\r\n\r\nB\u00fcchertausch-Tisch\r\nAuch in diesem Jahr gibt es wieder einen arch\u00e4ologischen B\u00fcchertausch-Tisch, an dem Teilnehmer ihre alten Arch\u00e4ologieb\u00fccher abgeben und gegen B\u00fccher anderer Teilnehmer tauschen k\u00f6nnen. Bringen Sie also Ihre alten Arch\u00e4ologieb\u00fccher mit!\r\n\r\nProgramm\r\nAb 10:00 Uhr \u2013 Einlass\r\n10:45 \u2013 10:55 Er\u00f6ffnung\r\n10:55 \u2013 11:15 Gemma Jansen: Warmes Wasser f\u00fcr das r\u00f6mische Bad\r\n11:15 \u2013 11:35 Tess Doorewaard: PAN in Limburg\r\n11:35 \u2013 11:50 Verleihung des F\u00f6rderpreises 2026\r\n11:50 \u2013 12:00 Pr\u00e4sentation der Top 5\r\n12:00 \u2013 12:15 Gro\u00dfes Arch\u00e4ologiequiz\r\n\r\n12:15 \u2013 13:30 Mittagspause\r\n\r\n13:30 \u2013 13:50 Mette Langbroek: Internationale Kleiderordnung \u2013 die soziale Chemie merowingischer Perlen aus Limburg und Umgebung\r\n13:50 \u2013 14:10 Sjaak Mooren und Tijn Houwen: Burg Genneper Huys \u2013 Baugeschichte und \u00d6ffentlichkeitsarbeit\r\n14:10 \u2013 14:30 Ingrid Cleijne: Arch\u00e4ologische Entdeckungen auf der Vorburg von Schloss Nijenborg in Weert\r\n\r\n14:30 \u2013 15:00 Pause\r\n\r\n15:00 \u2013 15:20 Fokko Kortlang und Richard Jansen: Die vergessenen Grabh\u00fcgel von Baarlo \u2013 ein Blick in die Zukunft\r\n15:20 \u2013 15:40 Max Koopman: Eine Erdstruktur entlang der Maas \u2013 erste Ergebnisse der Forschung zu einer Anlage der Michelsberg-Kultur\r\n15:40 \u2013 15:45 Bekanntgabe des Topfundes 2026\r\n15:45 \u2013 16:00 Finale des gro\u00dfen Arch\u00e4ologiequiz und Abschluss\r\n16:00 \u2013 17:00 Empfang \/ Umtrunk\r\n\r\n17:00 Ende des Programms\r\n\r\nPraktische Informationen\r\n<ul>\r\n \t<li>Was? Limburgischer Arch\u00e4ologietag<\/li>\r\n \t<li>Wo? Limburgs Museum, Venlo<\/li>\r\n \t<li>Wann? Samstag, 11. April<\/li>\r\n \t<li>Uhrzeit? 10:45 \u2013 17:00 Uhr<\/li>\r\n \t<li>Preis? Reservieren Sie Ihr Ticket \u00fcber die <a href=\"https:\/\/www.limburgsmuseum.nl\/activiteit\/limburgse-archeologie-dag-2026\/\">Website<\/a> des Limburgs Museums<\/li>\r\n<\/ul>","slideshow":null},"_links":{"self":[{"href":"https:\/\/www.viabelgica.nl\/de\/wp-json\/wp\/v2\/kalender\/21677","targetHints":{"allow":["GET"]}}],"collection":[{"href":"https:\/\/www.viabelgica.nl\/de\/wp-json\/wp\/v2\/kalender"}],"about":[{"href":"https:\/\/www.viabelgica.nl\/de\/wp-json\/wp\/v2\/types\/kalender"}],"wp:attachment":[{"href":"https:\/\/www.viabelgica.nl\/de\/wp-json\/wp\/v2\/media?parent=21677"}],"curies":[{"name":"wp","href":"https:\/\/api.w.org\/{rel}","templated":true}]}}