
{"id":13909,"date":"2025-05-29T10:17:34","date_gmt":"2025-05-29T08:17:34","guid":{"rendered":"https:\/\/www.viabelgica.nl\/kalender\/expo-wer-schreibt-der-bleibt-romische-inschriften-in-der-euregio-maas-rhein\/"},"modified":"2025-08-21T19:43:50","modified_gmt":"2025-08-21T17:43:50","slug":"expo-qui-ecrit-reste-inscriptions-romaines-dans-leuregion-meuse-rhin","status":"publish","type":"kalender","link":"https:\/\/www.viabelgica.nl\/fr\/kalender\/expo-qui-ecrit-reste-inscriptions-romaines-dans-leuregion-meuse-rhin\/","title":{"rendered":"EXPO \u2013 Qui \u00e9crit, reste! Inscriptions romaines dans l\u2019Eur\u00e9gion Meuse-Rhin"},"content":{"rendered":"","protected":false},"template":"","class_list":["post-13909","kalender","type-kalender","status-publish","hentry"],"acf":{"thumbnail":13539,"subtitel":"Ceci est une initiative du Mus\u00e9e de Juliers","datum":"20250406","datum_eind":"20251102","afbeelding":13539,"plaatsnaam":"J\u00fclich","gerelateerde_content_cal":null,"aanmeldtekst":"","aanmeldurl":"","adres":null,"straatnaam":"","postcode":"","plaats":"","doen":null,"content":"Lire et \u00e9crire font aujourd\u2019hui partie int\u00e9grante de notre vie mais cela n\u2019a pas toujours \u00e9t\u00e9 le cas. Ce n\u2019est qu\u2019au moment o\u00f9 les Romains \u00e9tendirent leur domination jusqu\u2019\u00e0 la r\u00e9gion Rhin-Meuse qu\u2019une culture de l\u2019\u00e9crit s\u2019y est implant\u00e9e.\r\n\r\nDepuis lors, nous connaissons par exemple les noms de soldats qui ont immortalis\u00e9 leur nom sur leur \u00e9quipement. Les monuments fun\u00e9raires en pierre et les autels votifs nous offrent un aper\u00e7u du monde religieux des habitants, tandis que les marques de producteurs sur la c\u00e9ramique et les amphores de transport nous renseignent sur l\u2019\u00e9conomie et le commerce. L\u2019\u00e9tendue de la p\u00e9n\u00e9tration de l\u2019\u00e9criture et de la lecture dans la vie quotidienne appara\u00eet \u00e9galement \u00e0 travers les objets personnels : des v\u0153ux de b\u00e9n\u00e9diction ont \u00e9t\u00e9 grav\u00e9s sur des bijoux, ou des d\u00e9clarations d\u2019amour y ont \u00e9t\u00e9 rendues \u00e9ternelles.\r\n\r\nL\u2019exposition aborde, \u00e0 travers diff\u00e9rents th\u00e8mes, la signification et le d\u00e9veloppement des comp\u00e9tences en lecture et en \u00e9criture dans l\u2019Eur\u00e9gion, tout en mettant en lumi\u00e8re les recherches men\u00e9es et les d\u00e9fis qui y sont li\u00e9s.\r\n\r\nDes pr\u00eateurs d\u2019Aix-la-Chapelle, Bonn, Heerlen, Juliers, Maastricht et Tongres ont contribu\u00e9 \u00e0 cette exposition avec environ 130 objets.\r\n\r\nCliquez <a href=\"https:\/\/www.museum-zitadelle.de\/ausstellungen\/vorschau-2025-wer-schreibt-der-bleibt-roemische-inschriften-in-der-euregio-maas-rhein\">ici<\/a> pour plus d\u2019informations.","slideshow":null},"_links":{"self":[{"href":"https:\/\/www.viabelgica.nl\/fr\/wp-json\/wp\/v2\/kalender\/13909","targetHints":{"allow":["GET"]}}],"collection":[{"href":"https:\/\/www.viabelgica.nl\/fr\/wp-json\/wp\/v2\/kalender"}],"about":[{"href":"https:\/\/www.viabelgica.nl\/fr\/wp-json\/wp\/v2\/types\/kalender"}],"wp:attachment":[{"href":"https:\/\/www.viabelgica.nl\/fr\/wp-json\/wp\/v2\/media?parent=13909"}],"curies":[{"name":"wp","href":"https:\/\/api.w.org\/{rel}","templated":true}]}}